{"id":1465,"date":"2025-06-29T13:13:08","date_gmt":"2025-06-29T13:13:08","guid":{"rendered":"https:\/\/www.les-rencontres-de-rignac.fr\/english\/?page_id=1465"},"modified":"2025-06-29T13:24:43","modified_gmt":"2025-06-29T13:24:43","slug":"rose-chevrier","status":"publish","type":"page","link":"https:\/\/www.les-rencontres-de-rignac.fr\/english\/rose-chevrier\/","title":{"rendered":"ROSE CHEVRIER"},"content":{"rendered":"\n<figure class=\"wp-block-image size-full\"><img loading=\"lazy\" decoding=\"async\" width=\"874\" height=\"1024\" src=\"https:\/\/www.les-rencontres-de-rignac.fr\/english\/wp-content\/uploads\/2025\/06\/Rose-Chevrier.jpg\" alt=\"\" class=\"wp-image-1482\" srcset=\"https:\/\/www.les-rencontres-de-rignac.fr\/english\/wp-content\/uploads\/2025\/06\/Rose-Chevrier.jpg 874w, https:\/\/www.les-rencontres-de-rignac.fr\/english\/wp-content\/uploads\/2025\/06\/Rose-Chevrier-256x300.jpg 256w, https:\/\/www.les-rencontres-de-rignac.fr\/english\/wp-content\/uploads\/2025\/06\/Rose-Chevrier-768x900.jpg 768w, https:\/\/www.les-rencontres-de-rignac.fr\/english\/wp-content\/uploads\/2025\/06\/Rose-Chevrier-51x60.jpg 51w\" sizes=\"auto, (max-width: 874px) 100vw, 874px\" \/><\/figure>\n\n\n\n<p>Rose d\u00e9bute la musique \u00e0 l\u2019\u00e2ge de 7 ans, explorant un univers riche et vari\u00e9 entre fl\u00fbtes \u00e0 bec, guitare et chant choral. En 2020, elle obtient son dipl\u00f4me d\u2019\u00e9tudes musicales en fl\u00fbte \u00e0 bec, tout en se formant au luth renaissance au conservatoire de Tours aupr\u00e8s de Pascale Boquet.<\/p>\n\n\n\n<p>Apr\u00e8s une ann\u00e9e d\u2019approfondissement avec Claire Michon, Rose int\u00e8gre le CNSMD de Lyon en classe de fl\u00fbtes \u00e0 bec et poursuit parall\u00e8lement ses \u00e9tudes de luth avec Albane Imbs. Elle y d\u00e9veloppe une passion particuli\u00e8re pour le r\u00e9pertoire m\u00e9di\u00e9val gr\u00e2ce \u00e0 l\u2019enseignement de Pierre Hamon et Ang\u00e9lique Mauillon, qui l\u2019encouragent \u00e0 explorer les musiques anciennes avec une approche innovante et historiquement inform\u00e9e.<\/p>\n\n\n\n<p>Rose se produit r\u00e9guli\u00e8rement en concert dans des projets m\u00ealant musiques m\u00e9di\u00e9vales, Renaissance, baroque et contemporaines.<\/p>\n\n\n\n<p>En 2024, elle co-cr\u00e9e le conte musical \u00ab Eudeuline et le dragon tout en or \u00bb avec l\u2019ensemble La Forgeresse, affirmant son go\u00fbt pour les propositions sc\u00e9niques immersives et interdisciplinaires. Artiste curieuse et engag\u00e9e, Rose cherche \u00e0 \u00e9tablir dans ses diverses pratiques instrumentales des passerelles entre les r\u00e9pertoires, afin de renouveler le regard port\u00e9 par le public sur ces esth\u00e9tiques.<\/p>\n","protected":false},"excerpt":{"rendered":"<p>Rose d\u00e9bute la musique \u00e0 l\u2019\u00e2ge de 7 ans, explorant un univers riche et vari\u00e9 entre fl\u00fbtes \u00e0 bec, guitare et chant choral. En 2020, elle obtient son dipl\u00f4me d\u2019\u00e9tudes musicales en fl\u00fbte \u00e0 bec, tout en se formant au luth renaissance au conservatoire de Tours aupr\u00e8s de Pascale Boquet. Apr\u00e8s une ann\u00e9e d\u2019approfondissement avec &hellip; <\/p>\n","protected":false},"author":1,"featured_media":0,"parent":0,"menu_order":0,"comment_status":"closed","ping_status":"closed","template":"","meta":{"footnotes":""},"class_list":["post-1465","page","type-page","status-publish","hentry"],"_links":{"self":[{"href":"https:\/\/www.les-rencontres-de-rignac.fr\/english\/wp-json\/wp\/v2\/pages\/1465","targetHints":{"allow":["GET"]}}],"collection":[{"href":"https:\/\/www.les-rencontres-de-rignac.fr\/english\/wp-json\/wp\/v2\/pages"}],"about":[{"href":"https:\/\/www.les-rencontres-de-rignac.fr\/english\/wp-json\/wp\/v2\/types\/page"}],"author":[{"embeddable":true,"href":"https:\/\/www.les-rencontres-de-rignac.fr\/english\/wp-json\/wp\/v2\/users\/1"}],"replies":[{"embeddable":true,"href":"https:\/\/www.les-rencontres-de-rignac.fr\/english\/wp-json\/wp\/v2\/comments?post=1465"}],"version-history":[{"count":2,"href":"https:\/\/www.les-rencontres-de-rignac.fr\/english\/wp-json\/wp\/v2\/pages\/1465\/revisions"}],"predecessor-version":[{"id":1493,"href":"https:\/\/www.les-rencontres-de-rignac.fr\/english\/wp-json\/wp\/v2\/pages\/1465\/revisions\/1493"}],"wp:attachment":[{"href":"https:\/\/www.les-rencontres-de-rignac.fr\/english\/wp-json\/wp\/v2\/media?parent=1465"}],"curies":[{"name":"wp","href":"https:\/\/api.w.org\/{rel}","templated":true}]}}