{"id":1455,"date":"2025-06-29T13:11:28","date_gmt":"2025-06-29T13:11:28","guid":{"rendered":"https:\/\/www.les-rencontres-de-rignac.fr\/english\/?page_id=1455"},"modified":"2025-06-29T13:18:45","modified_gmt":"2025-06-29T13:18:45","slug":"lise-viricel","status":"publish","type":"page","link":"https:\/\/www.les-rencontres-de-rignac.fr\/english\/lise-viricel\/","title":{"rendered":"LISE VIRICEL"},"content":{"rendered":"\n<figure class=\"wp-block-image size-full\"><img loading=\"lazy\" decoding=\"async\" width=\"792\" height=\"1024\" src=\"https:\/\/www.les-rencontres-de-rignac.fr\/english\/wp-content\/uploads\/2025\/06\/Lise-Viricel.jpg\" alt=\"\" class=\"wp-image-1478\" srcset=\"https:\/\/www.les-rencontres-de-rignac.fr\/english\/wp-content\/uploads\/2025\/06\/Lise-Viricel.jpg 792w, https:\/\/www.les-rencontres-de-rignac.fr\/english\/wp-content\/uploads\/2025\/06\/Lise-Viricel-232x300.jpg 232w, https:\/\/www.les-rencontres-de-rignac.fr\/english\/wp-content\/uploads\/2025\/06\/Lise-Viricel-768x993.jpg 768w, https:\/\/www.les-rencontres-de-rignac.fr\/english\/wp-content\/uploads\/2025\/06\/Lise-Viricel-46x60.jpg 46w\" sizes=\"auto, (max-width: 792px) 100vw, 792px\" \/><\/figure>\n\n\n\n<p>Lise Viricel d\u00e9bute le chant \u00e0 7 ans, et int\u00e8gre rapidement La Ma\u00eetrise de l&#8217;Op\u00e9ra National de Lyon, o\u00f9 elle \u00e9tudiera 8 ans. Cette \u00e9cole lui permet d&#8217;acqu\u00e9rir une bonne technique vocale, d&#8217;aborder un large r\u00e9pertoire et aussi d&#8217;apprendre le th\u00e9\u00e2tre. Elle poursuit ensuite une double formation, avant tout musicale, mais \u00e9galement th\u00e9\u00e2trale. En 2008, elle int\u00e8gre la classe de chant musique ancienne de Marie-Claude Vallin au CNSMD de Lyon, dans laquelle elle perfectionne sa connaissance des styles baroques, et sa technique soliste et chorale, par l&#8217;exercice du chant \u00e0 un par voix.<\/p>\n\n\n\n<p>Parall\u00e8lement \u00e0 sa formation, dont elle sort dipl\u00f4m\u00e9e d&#8217;un Master en 2013, elle chante dans de nombreuses productions, de plus en plus orient\u00e9e vers la musique ancienne, dans des concerts autour de compositeurs tels que Bach, Monteverdi, Purcell, Vivaldi, Carissimi, Rameau, etc.<\/p>\n\n\n\n<p>Sa formation th\u00e9\u00e2trale lui permet de favoriser la sc\u00e8ne, sur laquelle elle est tr\u00e8s \u00e0 l&#8217;aise, \u00e0 travers des r\u00e9citals (\u00e0 la Fenice en avril 2016) ou des op\u00e9ras. Ainsi, elle a r\u00e9cemment interpr\u00e9t\u00e9 Eurialo dans L&#8217;Oristeo de Francesco Cavalli C\u00e9phise dans Alcione, de Marin Marais, et la Ninfa dans L\u2019Orfeo de Monteverdi, \u00e0 l&#8217;Op\u00e9ra Comique.<\/p>\n\n\n\n<p>Elle a de plus une excellente exp\u00e9rience de la musique \u00e0 un par voix, notamment dans les r\u00e9pertoires Renaissance et baroques, ainsi que de choeur, pour lequel elle a \u00e9t\u00e9 particuli\u00e8rement form\u00e9e. Elle se produit avec des ensembles prestigieux tels que Arsys Bourgogne (dir. M. Zeke), Concerto Soave (dir. J.-M. Aymes), ou la Chapelle Royale de Catalogne (dir. J. Savall).<\/p>\n\n\n\n<p>Elle appartient \u00e9galement \u00e0 l&#8217;ensemble Coclico (dir. B. Janin), avec lequel elle se sp\u00e9cialise dans les techniques de contrepoint vocal improvis\u00e9 des 15e et 16e si\u00e8cles<\/p>\n","protected":false},"excerpt":{"rendered":"<p>Lise Viricel d\u00e9bute le chant \u00e0 7 ans, et int\u00e8gre rapidement La Ma\u00eetrise de l&#8217;Op\u00e9ra National de Lyon, o\u00f9 elle \u00e9tudiera 8 ans. Cette \u00e9cole lui permet d&#8217;acqu\u00e9rir une bonne technique vocale, d&#8217;aborder un large r\u00e9pertoire et aussi d&#8217;apprendre le th\u00e9\u00e2tre. Elle poursuit ensuite une double formation, avant tout musicale, mais \u00e9galement th\u00e9\u00e2trale. En 2008, &hellip; <\/p>\n","protected":false},"author":1,"featured_media":0,"parent":0,"menu_order":0,"comment_status":"closed","ping_status":"closed","template":"","meta":{"footnotes":""},"class_list":["post-1455","page","type-page","status-publish","hentry"],"_links":{"self":[{"href":"https:\/\/www.les-rencontres-de-rignac.fr\/english\/wp-json\/wp\/v2\/pages\/1455","targetHints":{"allow":["GET"]}}],"collection":[{"href":"https:\/\/www.les-rencontres-de-rignac.fr\/english\/wp-json\/wp\/v2\/pages"}],"about":[{"href":"https:\/\/www.les-rencontres-de-rignac.fr\/english\/wp-json\/wp\/v2\/types\/page"}],"author":[{"embeddable":true,"href":"https:\/\/www.les-rencontres-de-rignac.fr\/english\/wp-json\/wp\/v2\/users\/1"}],"replies":[{"embeddable":true,"href":"https:\/\/www.les-rencontres-de-rignac.fr\/english\/wp-json\/wp\/v2\/comments?post=1455"}],"version-history":[{"count":2,"href":"https:\/\/www.les-rencontres-de-rignac.fr\/english\/wp-json\/wp\/v2\/pages\/1455\/revisions"}],"predecessor-version":[{"id":1486,"href":"https:\/\/www.les-rencontres-de-rignac.fr\/english\/wp-json\/wp\/v2\/pages\/1455\/revisions\/1486"}],"wp:attachment":[{"href":"https:\/\/www.les-rencontres-de-rignac.fr\/english\/wp-json\/wp\/v2\/media?parent=1455"}],"curies":[{"name":"wp","href":"https:\/\/api.w.org\/{rel}","templated":true}]}}